{"id":3,"date":"2024-08-16T10:49:04","date_gmt":"2024-08-16T08:49:04","guid":{"rendered":"http:\/\/startupolis-dev.itee.radom.pl\/platforma\/?page_id=3"},"modified":"2026-08-13T13:44:28","modified_gmt":"2026-08-13T11:44:28","slug":"polityka-prywatnosci","status":"publish","type":"page","link":"https:\/\/startupolis.eu\/platforma\/index.php\/polityka-prywatnosci\/","title":{"rendered":"Polityka prywatno\u015bci"},"content":{"rendered":"\n<ol class=\"wp-block-list\">\n<li><\/li>\n<\/ol>\n\n\n\n<p class=\"wp-block-paragraph\"><strong>POLITYKA PRYWATNO\u015aCI<\/strong><\/p>\n\n\n\n<p class=\"wp-block-paragraph\"><strong>Platformy Mazovian StartUPolis<\/strong><\/p>\n\n\n\n<h4 class=\"wp-block-heading\">I. DEFINICJE<\/h4>\n\n\n\n<ol class=\"wp-block-list\">\n<li><strong>\u201eAdministrator\u201d <\/strong>lub <strong>\u201e\u0141ukasiewicz \u2013 ITeE\u201d &#8211; <\/strong>Sie\u0107 Badawcza \u0141ukasiewicz &#8211; Instytut Technologii Eksploatacji z siedzib\u0105 w Radomiu (26-600), ul. K. Pu\u0142askiego 6\/10, zarejestrowany w S\u0105dzie Rejonowym Lublin-Wsch\u00f3d w Lublinie z siedzib\u0105 w \u015awidniku, VI Wydziale Gospodarczym KRS nr 0000860815, NIP nr 796-003-58-05, REGON nr 387139360, dzia\u0142aj\u0105cy zgodnie z ustaw\u0105 z dnia 21 lutego 2019 r. o Sieci Badawczej \u0141ukasiewicz.<\/li>\n\n\n\n<li><strong>\u201eDane osobowe\u201d<\/strong> \u2013 wszelkie informacje o osobie fizycznej zidentyfikowanej lub mo\u017cliwej do zidentyfikowania poprzez jeden b\u0105d\u017a kilka szczeg\u00f3lnych czynnik\u00f3w okre\u015blaj\u0105cych fizyczn\u0105, fizjologiczn\u0105, genetyczn\u0105, psychiczn\u0105, ekonomiczn\u0105, kulturow\u0105 lub spo\u0142eczn\u0105 to\u017csamo\u015b\u0107, w tym wizerunek, nagranie g\u0142osu, dane kontaktowe, dane o lokalizacji, informacje zawarte w korespondencji, informacje gromadzone za po\u015brednictwem sprz\u0119tu rejestruj\u0105cego lub innej podobnej technologii.<\/li>\n\n\n\n<li><strong>\u201eKonto\u201d <\/strong>\u2013 udost\u0119pniona U\u017cytkownikowi przestrze\u0144 w ramach Platformy, w kt\u00f3rej gromadzone s\u0105 dane do U\u017cytkownika.<\/li>\n\n\n\n<li><strong>\u201ePartner\u201d<\/strong> lub <strong>\u201ePartnerzy\u201d <\/strong>\u2013 Politechnika Warszawska, Uniwersytet Radomski im. Kazimierza Pu\u0142askiego oraz Fundacja Przedsi\u0119biorczo\u015bci Technologicznej (StartSmart CEE).<\/li>\n\n\n\n<li><strong>\u201ePlatforma\u201d<\/strong> \u2013 zarz\u0105dzana przez Administratora, dost\u0119pna pod adresem <a href=\"http:\/\/startupolis.itee.radom.pl\/platforma\/\">http:\/\/startupolis.itee.radom.pl\/platforma\/<\/a>, platforma umo\u017cliwiaj\u0105ca U\u017cytkownikom komunikacj\u0119 w zakresie zwi\u0105zanym z Projektem.<\/li>\n\n\n\n<li><strong>\u201ePolityka\u201d<\/strong> \u2013 niniejsza Polityka prywatno\u015bci.<\/li>\n\n\n\n<li><strong>\u201eProjekt\u201d <\/strong>\u2013 projekt pn. \u201ePlatforma Startowa &#8211; Centralny Akcelerator Innowacji \u201eMazovian StartUPolis\u201d.<\/li>\n\n\n\n<li><strong>\u201eRODO\u201d<\/strong> \u2013 Rozporz\u0105dzenie Parlamentu Europejskiego i Rady (UE) 2016\/679 z dnia 27 kwietnia 2016 r. w sprawie ochrony os\u00f3b fizycznych w zwi\u0105zku z przetwarzaniem danych osobowych i w sprawie swobodnego przep\u0142ywu takich danych oraz uchylenia dyrektywy 95\/46\/WE.<\/li>\n\n\n\n<li><strong>\u201eU\u017cytkownik\u201d \u2013<\/strong> osoba fizyczna b\u0119d\u0105ca uczestnikiem Projektu, kt\u00f3ra uzyska\u0142a dost\u0119p do Platformy.<\/li>\n<\/ol>\n\n\n\n<h4 class=\"wp-block-heading\">II.&nbsp; PRZETWARZANIE DANYCH OSOBOWYCH<\/h4>\n\n\n\n<ol class=\"wp-block-list\">\n<li>W zwi\u0105zku z realizacj\u0105 Projektu, Administrator zbiera i przetwarza Dane osobowe U\u017cytkownik\u00f3w Platformy zgodnie z w\u0142a\u015bciwymi przepisami, w tym w szczeg\u00f3lno\u015bci z RODO, i przewidzianymi w nich zasadami przetwarzania danych.<\/li>\n\n\n\n<li>Przetwarzaj\u0105c Dane osobowe, Administrator zapewnia ich bezpiecze\u0144stwo i poufno\u015b\u0107 oraz dost\u0119p do informacji o ich przetwarzaniu. Gdyby pomimo stosowanych \u015brodk\u00f3w bezpiecze\u0144stwa dosz\u0142o do naruszenia ochrony Danych osobowych (np. \u201ewycieku\u201d danych lub ich utraty) i takie naruszenie mog\u0142oby powodowa\u0107 wysokie ryzyko naruszenia praw lub wolno\u015bci, Administrator poinformuje o takim zdarzeniu U\u017cytkownik\u00f3w w spos\u00f3b zgodny z przepisami.<\/li>\n<\/ol>\n\n\n\n<h4 class=\"wp-block-heading\">III. OG\u00d3LNE ZASADY DOT. BEZPIECZE\u0143STWA DANYCH OSOBOWYCH<\/h4>\n\n\n\n<ol class=\"wp-block-list\">\n<li>Poufno\u015b\u0107 i bezpiecze\u0144stwo Danych osobowych stanowi\u0105 priorytet dzia\u0142a\u0144 Administratora.<\/li>\n\n\n\n<li>Administrator wykorzystuje dane i informacje, inne ni\u017c Dane osobowe, znajduj\u0105ce si\u0119 na Platformie tylko w celu zwi\u0105zanym z realizacj\u0105 Projektu.<\/li>\n\n\n\n<li>Administrator stosuje rozwi\u0105zania organizacyjne i techniczne w celu zapewnienia, \u017ce wszystkie operacje na Danych osobowych s\u0105 dokonywane tylko przez osoby uprawnione.<\/li>\n\n\n\n<li>Administrator podejmuje niezb\u0119dne dzia\u0142ania, by tak\u017ce jego podwykonawcy i inne podmioty wsp\u00f3\u0142pracuj\u0105ce dawa\u0142y gwarancj\u0119 stosowania odpowiednich \u015brodk\u00f3w bezpiecze\u0144stwa w ka\u017cdym przypadku, gdy przetwarzaj\u0105 Dane osobowe na zlecenie Administratora.<\/li>\n<\/ol>\n\n\n\n<h4 class=\"wp-block-heading\">IV. CELE ORAZ PODSTAWY PRAWNE PRZETWARZANIA<\/h4>\n\n\n\n<h5 class=\"wp-block-heading\">1.&nbsp;&nbsp;&nbsp;&nbsp; KORZYSTANIE Z PLATFORMY<\/h5>\n\n\n\n<ul class=\"wp-block-list\">\n<li>Aby m\u00f3c otrzyma\u0107 dost\u0119p do Platformy, Administrator wykorzystuje Dane osobowe U\u017cytkownika wskazane we wniosku o udzia\u0142 w Projekcie lub inne wskazane przez U\u017cytkownika Dane osobowe.<\/li>\n\n\n\n<li>Podstaw\u0105 przetwarzania Danych osobowych zwi\u0105zanych z korzystaniem z Platformy jest niezb\u0119dno\u015b\u0107 do wykonania umowy lub do podj\u0119cia dzia\u0142a\u0144 na \u017c\u0105danie U\u017cytkownika przed jej zawarciem (art. 6 ust. 1 lit b) RODO).<\/li>\n<\/ul>\n\n\n\n<h5 class=\"wp-block-heading\">2.&nbsp;&nbsp;&nbsp;&nbsp; CELE ANALITYCZNE, STATYSTYCZNE I BADAWCZE<\/h5>\n\n\n\n<ul class=\"wp-block-list\">\n<li>Administrator mo\u017ce przetwarza\u0107 Dane osobowe U\u017cytkownik\u00f3w w celach analitycznych, statystycznych i badawczych, w szczeg\u00f3lno\u015bci poprzez analiz\u0119 aktywno\u015bci U\u017cytkownik\u00f3w na Platformie i sposobu korzystania z Platformy, a tak\u017ce ich preferencji w celu poprawy stosowanych funkcjonalno\u015bci Platformy.<\/li>\n\n\n\n<li>Podstaw\u0105 prawn\u0105 przetwarzania jest prawnie uzasadniony interes Administratora (art. 6 ust. 1 lit. f RODO).<\/li>\n<\/ul>\n\n\n\n<h5 class=\"wp-block-heading\">3.&nbsp;&nbsp;&nbsp;&nbsp; KORESPONDENCJA E-MAILOWA I PRZEZ PLATFORM\u0118<\/h5>\n\n\n\n<ul class=\"wp-block-list\">\n<li>W przypadku korespondencji zwi\u0105zanej z Projektem, kierowanej za po\u015brednictwem poczty e-mail lub Platformy, Dane osobowe zawarte w tej korespondencji s\u0105 przetwarzane w celu komunikacji i rozwi\u0105zania sprawy, kt\u00f3rej dotyczy korespondencja.<\/li>\n\n\n\n<li>Podstaw\u0105 prawn\u0105 przetwarzania jest prawnie uzasadniony interes Administratora (art. 6 ust. 1 lit. f RODO) polegaj\u0105cy na prowadzeniu korespondencji.<\/li>\n<\/ul>\n\n\n\n<h5 class=\"wp-block-heading\">4.&nbsp;&nbsp;&nbsp;&nbsp; DOCHODZENIE ROSZCZE\u0143:<\/h5>\n\n\n\n<ul class=\"wp-block-list\">\n<li>W celu ustalenia, dochodzenia oraz egzekucji ewentualnych roszcze\u0144 wynikaj\u0105cych ze sposobu, w jaki U\u017cytkownik korzysta z Platformy lub w zwi\u0105zku z Projektem, Administrator mo\u017ce przetwarza\u0107 niekt\u00f3re Dane osobowe, je\u017celi jest to niezb\u0119dne do udowodnienia istnienia roszczenia Administratora, w tym rozmiar\u00f3w poniesionej szkody lub na potrzeby obrony Administratora przed potencjalnymi roszczeniami.<\/li>\n\n\n\n<li>Podstaw\u0105 prawn\u0105 jest w takim wypadku prawnie uzasadniony interes Administratora (art. 6 ust. 1 lit. f RODO), polegaj\u0105cy na ustaleniu, dochodzeniu i egzekucji roszcze\u0144 oraz na obronie przed roszczeniami w post\u0119powaniu przed s\u0105dami i innymi organami pa\u0144stwowymi.<\/li>\n<\/ul>\n\n\n\n<h5 class=\"wp-block-heading\">5.&nbsp;&nbsp;&nbsp;&nbsp; REALIZACJA UPRAWNIE\u0143 U\u017bYTKOWNIK\u00d3W<\/h5>\n\n\n\n<ul class=\"wp-block-list\">\n<li>W celu umo\u017cliwienia skorzystania z uprawnie\u0144 wynikaj\u0105cych z RODO, w szczeg\u00f3lno\u015bci dot. mo\u017cliwo\u015bci sk\u0142adania skarg, zapyta\u0144 oraz wniosk\u00f3w, Administrator ma prawo do przetwarzania w tym celu niekt\u00f3rych Danych osobowych.<\/li>\n\n\n\n<li>Podstaw\u0105 prawn\u0105 jest w takim wypadku prawnie uzasadniony interes Administratora (art. 6 ust. 1 lit. f RODO), polegaj\u0105cy na umo\u017cliwieniu U\u017cytkownikowi realizacji uprawnie\u0144 wynikaj\u0105cych z RODO.<\/li>\n<\/ul>\n\n\n\n<h4 class=\"wp-block-heading\">V.&nbsp;&nbsp;&nbsp;&nbsp;&nbsp;&nbsp;&nbsp;&nbsp; KONIECZNO\u015a\u0106 PODANIA DANYCH OSOBOWYCH<\/h4>\n\n\n\n<ol class=\"wp-block-list\">\n<li>Utworzenie Konta<\/li>\n<\/ol>\n\n\n\n<p class=\"wp-block-paragraph\">Podanie Danych osobowych jest dobrowolne, lecz niezb\u0119dne do utworzenia Konta w ramach Platformy i korzystania z niej.<\/p>\n\n\n\n<ol start=\"2\" class=\"wp-block-list\">\n<li>Przetwarzanie w Platformie Danych osobowych<\/li>\n<\/ol>\n\n\n\n<p class=\"wp-block-paragraph\">Podanie lub udost\u0119pnienie Danych osobowych jest dobrowolne i nie jest wymagane do prawid\u0142owego korzystania z Platformy, lecz mo\u017ce by\u0107 niezb\u0119dne do udzia\u0142u w Projekcie.<\/p>\n\n\n\n<h4 class=\"wp-block-heading\">VI.&nbsp;&nbsp;&nbsp;&nbsp;&nbsp;&nbsp;&nbsp; ODBIORCY DANYCH<\/h4>\n\n\n\n<ol class=\"wp-block-list\">\n<li>Dane osobowe, mog\u0105 by\u0107 ujawniane zewn\u0119trznym podmiotom, kt\u00f3rych zaanga\u017cowanie jest niezb\u0119dne do prawid\u0142owej realizacji Projektu, w szczeg\u00f3lno\u015bci Partnerom, dostawcom odpowiedzialnym za obs\u0142ug\u0119 system\u00f3w informatycznych i sprz\u0119tu, operatorom pocztowym, kurierom, dostawcom us\u0142ug ksi\u0119gowych, prawnych i doradczych.<\/li>\n\n\n\n<li>W zwi\u0105zku z realizacj\u0105 Projektu Dane osobowe znajduj\u0105ce si\u0119 na Platformie mog\u0105 by\u0107 r\u00f3wnie\u017c przekazywane do Polskiej Agencji Rozwoju Przedsi\u0119biorczo\u015bci.<\/li>\n\n\n\n<li>Administrator zastrzega sobie prawo ujawnienia wybranych informacji dotycz\u0105cych U\u017cytkownika w\u0142a\u015bciwym organom b\u0105d\u017a osobom trzecim, kt\u00f3re zg\u0142osz\u0105 \u017c\u0105danie udzielenia takich informacji, opieraj\u0105c si\u0119 na odpowiedniej podstawie prawnej oraz zgodnie z przepisami obowi\u0105zuj\u0105cego prawa.<\/li>\n<\/ol>\n\n\n\n<h4 class=\"wp-block-heading\">VII.&nbsp;&nbsp;&nbsp;&nbsp;&nbsp;&nbsp; PRZEKAZYWANIE DANYCH POZA EOG<\/h4>\n\n\n\n<ol class=\"wp-block-list\">\n<li>Dane osobowe nie b\u0119d\u0105 przekazywane do pa\u0144stwa trzeciego (rozumianego jako pa\u0144stwo znajduj\u0105ce si\u0119 poza Europejskim Obszarem Gospodarczym, EOG), ani organizacji mi\u0119dzynarodowej w rozumieniu RODO, z zastrze\u017ceniem ust. 2 \u2013 5 poni\u017cej.<\/li>\n\n\n\n<li>Administrator korzysta z Microsoft Office 365, co mo\u017ce spowodowa\u0107 przekazanie Danych osobowych U\u017cytkownika do pa\u0144stwa trzeciego. Regulamin korzystania z Us\u0142ug Online w zakresie MS Office 365 oraz zobowi\u0105zania w odniesieniu do przetwarzania i zabezpieczania danych u\u017cytkownika oraz danych osobowych przez us\u0142ugi online okre\u015bla dokumentacja Microsoft.<\/li>\n\n\n\n<li>W ramach us\u0142ug Microsoft Office, dane wprowadzone do Microsoft Office 365 b\u0119d\u0105 przetwarzane i przechowywane w okre\u015blonej lokalizacji geograficznej. Zgodnie z funkcjonalno\u015bci\u0105 us\u0142ug Microsoft Office w dost\u0119pnym panelu administracyjnym w \u201eProfilu Organizacji\u201d, wskazano i\u017c dane przetwarzane s\u0105 na terenie Unii Europejskiej.<\/li>\n\n\n\n<li>Microsoft zobowi\u0105zuje si\u0119 do przestrzegania przepis\u00f3w prawa dotycz\u0105cych \u015bwiadczenia Us\u0142ug Online, kt\u00f3re dotycz\u0105 og\u00f3\u0142u dostawc\u00f3w informatycznych. Microsoft realizuje coroczne audyty Us\u0142ug Online, obejmuj\u0105ce audyty zabezpiecze\u0144 komputer\u00f3w, \u015brodowiska informatycznego i fizycznych Centr\u00f3w Danych, nadzorowany i upowa\u017cnione przez niego firmy trzecie, \u0142\u0105cznie z prawem kt\u00f3rych szczeg\u00f3\u0142y mo\u017cna znale\u017a\u0107 pod adresem https:\/\/www.microsoft.com\/pl-pl\/trust-center\/privacy?docid=27.<\/li>\n<\/ol>\n\n\n\n<h4 class=\"wp-block-heading\">VIII.&nbsp;&nbsp;&nbsp;&nbsp;&nbsp; AUTOMATYCZNE PODEJMOWANIE DECYZJI, W TYM PROFILOWANIE<\/h4>\n\n\n\n<p class=\"wp-block-paragraph\">Podczas korzystania z Platformy nie wyst\u0119puje profilowanie i nie s\u0105 podejmowanie decyzje automatycznie.<\/p>\n\n\n\n<h4 class=\"wp-block-heading\">IX.&nbsp;&nbsp;&nbsp;&nbsp;&nbsp;&nbsp;&nbsp;&nbsp; OKRES PRZETWARZANIA DANYCH OSOBOWYCH<\/h4>\n\n\n\n<ol class=\"wp-block-list\">\n<li>Z wy\u0142\u0105czeniem przypadk\u00f3w, kt\u00f3re \u2013 na podstawie przepis\u00f3w powszechnie obowi\u0105zuj\u0105cego prawa \u2013 nak\u0142adaj\u0105 na Administratora inny okres przechowywania Danych osobowych, Administrator przechowuje Dane osobowe, przez okres posiadania przez U\u017cytkownika Konta.<\/li>\n\n\n\n<li>Okres przetwarzania Danych osobowych, mo\u017ce by\u0107 przed\u0142u\u017cony w przypadku, gdy przetwarzanie jest niezb\u0119dne do ustalenia lub dochodzenia roszcze\u0144 lub obrony przed roszczeniami, a po tym okresie &#8211; jedynie w przypadku i w zakresie, w jakim b\u0119d\u0105 wymaga\u0107 tego przepisy prawa.<\/li>\n\n\n\n<li>W przypadku, gdy Dane osobowe przetwarzane s\u0105 na podstawie uzasadnionego interesu Administratora, Administrator przetwarza te dane do momentu skutecznego wniesienia sprzeciwu wobec przetwarzania Danych osobowych do ww. cel\u00f3w.<\/li>\n<\/ol>\n\n\n\n<h4 class=\"wp-block-heading\">X.&nbsp;&nbsp;&nbsp;&nbsp;&nbsp;&nbsp;&nbsp;&nbsp;&nbsp; PRAWA PODMIOT\u00d3W DANYCH<\/h4>\n\n\n\n<p class=\"wp-block-paragraph\">Podmiotom danych przys\u0142uguj\u0105 nast\u0119puj\u0105ce prawa:<\/p>\n\n\n\n<ul class=\"wp-block-list\">\n<li><strong>prawo do informacji o przetwarzaniu danych osobowych<\/strong> \u2013 na tej podstawie Administrator przekazuje osobie fizycznej zg\u0142aszaj\u0105cej \u017c\u0105danie informacj\u0119 o przetwarzaniu Danych osobowych, w tym przede wszystkim o celach i podstawach prawnych przetwarzania, zakresie posiadanych danych, podmiotach, kt\u00f3rym s\u0105 ujawniane, i planowanym terminie usuni\u0119cia danych.<\/li>\n\n\n\n<li><strong>prawo uzyskania kopii danych<\/strong> \u2013 na tej podstawie Administrator przekazuje kopi\u0119 przetwarzanych Danych osobowych dotycz\u0105cych osoby fizycznej zg\u0142aszaj\u0105cej \u017c\u0105danie.<\/li>\n\n\n\n<li><strong>prawo do sprostowania<\/strong> \u2013 Administrator zobowi\u0105zany jest usuwa\u0107 ewentualne niezgodno\u015bci lub b\u0142\u0119dy przetwarzanych Danych osobowych oraz uzupe\u0142nia\u0107 je, je\u015bli s\u0105 niekompletne;<\/li>\n\n\n\n<li><strong>prawo do usuni\u0119cia danych<\/strong> \u2013 na tej podstawie mo\u017cna \u017c\u0105da\u0107 usuni\u0119cia Danych osobowych, kt\u00f3rych przetwarzanie nie jest ju\u017c niezb\u0119dne do realizowania \u017cadnego z cel\u00f3w, dla kt\u00f3rych zosta\u0142y zebrane;<\/li>\n\n\n\n<li><strong>prawo do ograniczenia przetwarzania<\/strong> \u2013 w razie zg\u0142oszenia takiego \u017c\u0105dania Administrator zaprzestaje wykonywania operacji na Danych osobowych \u2013 z wyj\u0105tkiem operacji, na kt\u00f3re wyrazi\u0142 zgod\u0119 Podmiot danych \u2013 oraz ich przechowywania.<\/li>\n\n\n\n<li><strong>prawo do przenoszenia danych<\/strong> \u2013 na tej podstawie \u2013 w zakresie, w jakim Dane osobowe s\u0105 przetwarzane w spos\u00f3b zautomatyzowany w zwi\u0105zku z zawart\u0105 umow\u0105 lub wyra\u017con\u0105 zgod\u0105 \u2013 Administrator wydaje dane dostarczone przez osob\u0119, kt\u00f3rej one dotycz\u0105, w formacie pozwalaj\u0105cym na odczyt danych przez komputer. Mo\u017cliwe jest tak\u017ce za\u017c\u0105danie przes\u0142ania tych danych innemu podmiotowi, jednak\u017ce pod warunkiem, \u017ce istniej\u0105 w tym zakresie techniczne mo\u017cliwo\u015bci zar\u00f3wno po stronie Administratora, jak r\u00f3wnie\u017c wskazanego podmiotu;<\/li>\n\n\n\n<li><strong>prawo sprzeciwu wobec innych cel\u00f3w przetwarzania danych<\/strong> \u2013 Podmiot danych mo\u017ce w ka\u017cdym momencie sprzeciwi\u0107 si\u0119 \u2013 z przyczyn zwi\u0105zanych z jego szczeg\u00f3ln\u0105 sytuacj\u0105 \u2013 przetwarzaniu Danych osobowych, kt\u00f3re odbywa si\u0119 na podstawie prawnie uzasadnionego interesu Administratora (np. dla cel\u00f3w analitycznych lub statystycznych);<\/li>\n\n\n\n<li><strong>prawo wycofania zgody<\/strong> \u2013 je\u015bli dane przetwarzane s\u0105 na podstawie wyra\u017conej zgody, Podmiot danych ma prawo wycofa\u0107 j\u0105 w dowolnym momencie, co jednak nie wp\u0142ywa na zgodno\u015b\u0107 z prawem przetwarzania dokonanego przed jej wycofaniem;<\/li>\n\n\n\n<li><strong>prawo do skargi<\/strong> \u2013 w przypadku uznania, \u017ce przetwarzanie Danych osobowych narusza przepisy RODO lub inne przepisy dotycz\u0105ce ochrony Danych osobowych, Podmiot danych mo\u017ce z\u0142o\u017cy\u0107 skarg\u0119 do organu nadzoruj\u0105cego przetwarzanie Danych osobowych, w\u0142a\u015bciwego ze wzgl\u0119du na miejsce zwyk\u0142ego pobytu Podmiotu danych, jego miejsce pracy lub miejsce pope\u0142nienia domniemanego naruszenia. W Polsce organem nadzorczym jest Prezes Urz\u0119du Ochrony Danych Osobowych.<\/li>\n<\/ul>\n\n\n\n<h4 class=\"wp-block-heading\">XI.&nbsp;&nbsp;&nbsp;&nbsp;&nbsp;&nbsp;&nbsp;&nbsp; ZG\u0141ASZANIE \u017b\u0104DA\u0143 ZWI\u0104ZANYCH Z REALIZACJ\u0104 PRAW<\/h4>\n\n\n\n<ol class=\"wp-block-list\">\n<li>\u017b\u0105danie dotycz\u0105ce realizacji praw Podmiot\u00f3w danych mo\u017cna z\u0142o\u017cy\u0107:<\/li>\n<\/ol>\n\n\n\n<ul class=\"wp-block-list\">\n<li>w formie pisemnej na adres: Sie\u0107 Badawcza \u0141ukasiewicz\u2013 Instytut Technologii Eksploatacji, ul. K. Pu\u0142askiego 6\/10, 26-600 Radom;<\/li>\n\n\n\n<li>drog\u0105 e-mailow\u0105 na adres: iodo@itee.lukasiewicz.gov.pl.<\/li>\n<\/ul>\n\n\n\n<ol start=\"2\" class=\"wp-block-list\">\n<li>Je\u017celi Administrator nie b\u0119dzie w stanie zidentyfikowa\u0107 osoby fizycznej na podstawie zg\u0142oszonego \u017c\u0105dania, zwr\u00f3ci si\u0119 do wnioskodawcy o dodatkowe informacje. Podanie takich Danych osobowych nie jest obowi\u0105zkowe, jednak brak ich podania b\u0119dzie skutkowa\u0107 odmow\u0105 realizacji \u017c\u0105dania.<\/li>\n\n\n\n<li>Odpowied\u017a na zg\u0142oszenie powinna zosta\u0107 udzielona w ci\u0105gu miesi\u0105ca od jego otrzymania. W razie konieczno\u015bci przed\u0142u\u017cenia tego terminu Administrator informuje wnioskodawc\u0119 o przyczynach tego dzia\u0142ania.<\/li>\n\n\n\n<li>W przypadku, w kt\u00f3rym \u017c\u0105danie zosta\u0142o skierowane do Administratora elektronicznie, odpowiedzi udziela si\u0119 w tej samej formie, chyba \u017ce wnioskodawca za\u017c\u0105da\u0142 udzielenia odpowiedzi w innej formie. W innych przypadkach odpowiedzi udziela si\u0119 pisemnie. W przypadku, gdy termin realizacji \u017c\u0105dania uniemo\u017cliwia udzielenie odpowiedzi drog\u0105 pisemn\u0105, a zakres danych wnioskodawcy przetwarzanych przez Administratora umo\u017cliwia kontakt drog\u0105 elektroniczn\u0105, odpowiedzi nale\u017cy udzieli\u0107 drog\u0105 elektroniczn\u0105.<\/li>\n\n\n\n<li>Administrator przechowuje informacje dotycz\u0105ce zg\u0142oszonego \u017c\u0105dania oraz osoby, kt\u00f3ra \u017c\u0105danie zg\u0142osi\u0142a, w celu zapewnienia mo\u017cliwo\u015bci wykazania zgodno\u015bci oraz w celu ustalenia, obrony lub dochodzenia ewentualnych roszcze\u0144.<\/li>\n<\/ol>\n\n\n\n<h4 class=\"wp-block-heading\">XII.&nbsp;&nbsp;&nbsp;&nbsp;&nbsp;&nbsp; INSPEKTOR OCHRONY DANYCH<\/h4>\n\n\n\n<p class=\"wp-block-paragraph\">Dane kontaktowe Inspektora ochrony danych osobowych w Sie\u0107 Badawcza \u0141ukasiewicz \u2013 Instytucie Technologii Eksploatacji, e-mail: iodo@itee.lukasiewicz.gov.pl.<\/p>\n\n\n\n<ul class=\"wp-block-list\">\n<li><strong>LINKI ZEWN\u0118TRZNYCH PODMIOT\u00d3W<\/strong>\n<ol class=\"wp-block-list\">\n<li>W przypadku umieszczenia w Platformie link\u00f3w zewn\u0119trznych, niniejsza Polityka nie odnosi si\u0119 do przetwarzania Danych osobowych przez podmioty zewn\u0119trzne.<\/li>\n\n\n\n<li>Administrator umieszczaj\u0105c linki, podejmuje w miar\u0119 mo\u017cliwo\u015bci starania w celu ustalenia, aby odnosi\u0142y one tylko do tych podmiot\u00f3w, kt\u00f3re przetwarzaj\u0105 Dane osobowe zgodnie ze standardami ochrony danych i bezpiecze\u0144stwa. Administrator nie ma jednak \u017cadnego wp\u0142ywu na przestrzeganie regulacji ochrony danych i bezpiecze\u0144stwa przez podmioty trzecie. Dlatego nale\u017cy zasi\u0119ga\u0107 informacji od podmiot\u00f3w trzecich o udost\u0119pnione przez nich regulacje ochrony danych.<\/li>\n<\/ol>\n<\/li>\n<\/ul>\n\n\n\n<h4 class=\"wp-block-heading\">XIV.&nbsp;&nbsp;&nbsp;&nbsp;&nbsp; AKTUALIZACJA POLITYKI PRYWATNO\u015aCI<\/h4>\n\n\n\n<p class=\"wp-block-paragraph\">Niniejsza Polityka Prywatno\u015bci mo\u017ce ulega\u0107 zmianom wynikaj\u0105cym b\u0105d\u017a to ze zmian w przepisach powszechnie obowi\u0105zuj\u0105cych, b\u0105d\u017a te\u017c w wyniku zmian w zakresie \u015bwiadczonych przez Administratora. Administrator b\u0119dzie informowa\u0107 o zmianach w Polityce Prywatno\u015bci na stronach internetowych lub w Platformie informuj\u0105c o terminie wprowadzenia zmian, tak b U\u017cytkownik m\u00f3g\u0142 skorzysta\u0107 z przys\u0142uguj\u0105cych mu praw.<\/p>\n\n\n\n<p class=\"wp-block-paragraph\"><\/p>\n","protected":false},"excerpt":{"rendered":"<p>POLITYKA PRYWATNO\u015aCI Platformy Mazovian StartUPolis I. DEFINICJE II.&nbsp; PRZETWARZANIE DANYCH OSOBOWYCH III. OG\u00d3LNE ZASADY DOT. BEZPIECZE\u0143STWA DANYCH OSOBOWYCH IV. CELE ORAZ PODSTAWY PRAWNE PRZETWARZANIA 1.&nbsp;&nbsp;&nbsp;&nbsp;&hellip;<\/p>\n","protected":false},"author":1,"featured_media":0,"parent":0,"menu_order":0,"comment_status":"closed","ping_status":"open","template":"","meta":{"footnotes":""},"class_list":["post-3","page","type-page","status-publish","hentry"],"_links":{"self":[{"href":"https:\/\/startupolis.eu\/platforma\/index.php\/wp-json\/wp\/v2\/pages\/3","targetHints":{"allow":["GET"]}}],"collection":[{"href":"https:\/\/startupolis.eu\/platforma\/index.php\/wp-json\/wp\/v2\/pages"}],"about":[{"href":"https:\/\/startupolis.eu\/platforma\/index.php\/wp-json\/wp\/v2\/types\/page"}],"author":[{"embeddable":true,"href":"https:\/\/startupolis.eu\/platforma\/index.php\/wp-json\/wp\/v2\/users\/1"}],"replies":[{"embeddable":true,"href":"https:\/\/startupolis.eu\/platforma\/index.php\/wp-json\/wp\/v2\/comments?post=3"}],"version-history":[{"count":13,"href":"https:\/\/startupolis.eu\/platforma\/index.php\/wp-json\/wp\/v2\/pages\/3\/revisions"}],"predecessor-version":[{"id":900,"href":"https:\/\/startupolis.eu\/platforma\/index.php\/wp-json\/wp\/v2\/pages\/3\/revisions\/900"}],"wp:attachment":[{"href":"https:\/\/startupolis.eu\/platforma\/index.php\/wp-json\/wp\/v2\/media?parent=3"}],"curies":[{"name":"wp","href":"https:\/\/api.w.org\/{rel}","templated":true}]}}